{"id":3671,"date":"2026-02-19T20:31:35","date_gmt":"2026-02-19T20:31:35","guid":{"rendered":"https:\/\/catalogue.exmuro.com\/?post_type=project&#038;p=3671"},"modified":"2026-03-17T13:55:32","modified_gmt":"2026-03-17T13:55:32","slug":"feindre-leden-pour-un-temps-le-chaos","status":"publish","type":"project","link":"https:\/\/catalogue.exmuro.com\/fr\/artwork\/feindre-leden-pour-un-temps-le-chaos\/","title":{"rendered":"FEINDRE L\u2019\u00c9DEN, POUR UN TEMPS LE CHAOS &#8211; Martin Bureau"},"content":{"rendered":"<p>[et_pb_section fb_built=\u00a0\u00bb1&Prime; _builder_version=\u00a0\u00bb4.27.5&Prime; _module_preset=\u00a0\u00bbdefault\u00a0\u00bb background_image=\u00a0\u00bbhttps:\/\/catalogue.exmuro.com\/wp-content\/uploads\/2026\/02\/Exmuro_2025_MartinBureau_V7A9426.jpg\u00a0\u00bb height=\u00a0\u00bb500px\u00a0\u00bb global_colors_info=\u00a0\u00bb{}\u00a0\u00bb][et_pb_row _builder_version=\u00a0\u00bb4.27.0&Prime; _module_preset=\u00a0\u00bbdefault\u00a0\u00bb width=\u00a0\u00bb100%\u00a0\u00bb max_width=\u00a0\u00bb100%\u00a0\u00bb custom_margin=\u00a0\u00bb0px||0px||false|false\u00a0\u00bb custom_padding=\u00a0\u00bb0px||0px||false|false\u00a0\u00bb global_colors_info=\u00a0\u00bb{}\u00a0\u00bb][et_pb_column type=\u00a0\u00bb4_4&Prime; _builder_version=\u00a0\u00bb4.27.0&Prime; _module_preset=\u00a0\u00bbdefault\u00a0\u00bb global_colors_info=\u00a0\u00bb{}\u00a0\u00bb][et_pb_divider show_divider=\u00a0\u00bboff\u00a0\u00bb _builder_version=\u00a0\u00bb4.27.0&Prime; _module_preset=\u00a0\u00bbdefault\u00a0\u00bb global_colors_info=\u00a0\u00bb{}\u00a0\u00bb][\/et_pb_divider][\/et_pb_column][\/et_pb_row][\/et_pb_section][et_pb_section fb_built=\u00a0\u00bb1&Prime; _builder_version=\u00a0\u00bb4.27.0&Prime; _module_preset=\u00a0\u00bbdefault\u00a0\u00bb global_colors_info=\u00a0\u00bb{}\u00a0\u00bb][et_pb_row column_structure=\u00a0\u00bb3_5,2_5&Prime; module_class=\u00a0\u00bbtablet-two-cols\u00a0\u00bb _builder_version=\u00a0\u00bb4.27.0&Prime; _module_preset=\u00a0\u00bbdefault\u00a0\u00bb global_colors_info=\u00a0\u00bb{}\u00a0\u00bb][et_pb_column type=\u00a0\u00bb3_5&Prime; _builder_version=\u00a0\u00bb4.27.0&Prime; _module_preset=\u00a0\u00bbdefault\u00a0\u00bb global_colors_info=\u00a0\u00bb{}\u00a0\u00bb][et_pb_text _builder_version=\u00a0\u00bb4.27.5&Prime; _module_preset=\u00a0\u00bbdefault\u00a0\u00bb text_font=\u00a0\u00bbES ALLIANZ||||||||\u00a0\u00bb header_font=\u00a0\u00bbES ALLIANZ|100|on|on|||||\u00a0\u00bb header_font_size=\u00a0\u00bb36px\u00a0\u00bb header_2_font=\u00a0\u00bb|||on|||||\u00a0\u00bb header_2_font_size=\u00a0\u00bb16px\u00a0\u00bb global_colors_info=\u00a0\u00bb{}\u00a0\u00bb]<\/p>\n<h1>FEINDRE L\u2019\u00c9DEN, POUR UN TEMPS LE CHAOS<\/h1>\n<h2>Martin Bureau<\/h2>\n<p>[\/et_pb_text][\/et_pb_column][et_pb_column type=\u00a0\u00bb2_5&Prime; _builder_version=\u00a0\u00bb4.27.0&Prime; _module_preset=\u00a0\u00bbdefault\u00a0\u00bb global_colors_info=\u00a0\u00bb{}\u00a0\u00bb][et_pb_blurb title=\u00a0\u00bbPHOTOS ET VID\u00c9OS\u00a0\u00bb url=\u00a0\u00bb#photosvideos\u00a0\u00bb image=\u00a0\u00bbhttps:\/\/catalogue.exmuro.com\/wp-content\/uploads\/2024\/08\/ico-fleche-droite.svg\u00a0\u00bb icon_placement=\u00a0\u00bbleft\u00a0\u00bb image_icon_width=\u00a0\u00bb75%\u00a0\u00bb content_max_width_tablet=\u00a0\u00bb234px\u00a0\u00bb content_max_width_phone=\u00a0\u00bb233px\u00a0\u00bb content_max_width_last_edited=\u00a0\u00bboff|desktop\u00a0\u00bb _builder_version=\u00a0\u00bb4.27.0&Prime; _module_preset=\u00a0\u00bbdefault\u00a0\u00bb header_level=\u00a0\u00bbh6&Prime; header_font=\u00a0\u00bb|||on|||||\u00a0\u00bb header_text_color=\u00a0\u00bb#000000&Prime; header_font_size=\u00a0\u00bb12px\u00a0\u00bb background_color=\u00a0\u00bbRGBA(255,255,255,0)\u00a0\u00bb text_orientation=\u00a0\u00bbright\u00a0\u00bb width=\u00a0\u00bb173px\u00a0\u00bb width_tablet=\u00a0\u00bb173px\u00a0\u00bb width_phone=\u00a0\u00bb172px\u00a0\u00bb width_last_edited=\u00a0\u00bbon|phone\u00a0\u00bb module_alignment=\u00a0\u00bbcenter\u00a0\u00bb height=\u00a0\u00bb41px\u00a0\u00bb custom_margin=\u00a0\u00bb||||false|false\u00a0\u00bb custom_padding=\u00a0\u00bb15px||26px||false|false\u00a0\u00bb animation=\u00a0\u00bboff\u00a0\u00bb link_option_url=\u00a0\u00bb#photosvideos\u00a0\u00bb module_alignment_tablet=\u00a0\u00bbcenter\u00a0\u00bb module_alignment_phone=\u00a0\u00bbleft\u00a0\u00bb module_alignment_last_edited=\u00a0\u00bbon|phone\u00a0\u00bb custom_css_blurb_image=\u00a0\u00bbmargin-left: 10px;\u00a0\u00bb custom_css_blurb_content=\u00a0\u00bbdisplay: flex;||flex-direction: row-reverse;\u00a0\u00bb border_width_all=\u00a0\u00bb2px\u00a0\u00bb border_color_all=\u00a0\u00bb#000000&Prime; global_colors_info=\u00a0\u00bb{}\u00a0\u00bb image__hover_enabled=\u00a0\u00bbon|hover\u00a0\u00bb image__hover=\u00a0\u00bbhttps:\/\/catalogue.exmuro.com\/wp-content\/uploads\/2024\/08\/ico-fleche-droite.svg\u00a0\u00bb background__hover_enabled=\u00a0\u00bbon|hover\u00a0\u00bb background_color__hover=\u00a0\u00bb#FAE806&Prime; background_enable_color__hover=\u00a0\u00bbon\u00a0\u00bb header_text_color__hover_enabled=\u00a0\u00bbon|hover\u00a0\u00bb header_text_color__hover=\u00a0\u00bb#000000&Prime; border_width_all__hover_enabled=\u00a0\u00bbon|desktop\u00a0\u00bb border_width_all__hover=\u00a0\u00bb2px\u00a0\u00bb border_color_all__hover=\u00a0\u00bb#FAE806&Prime; border_color_all__hover_enabled=\u00a0\u00bbon|hover\u00a0\u00bb][\/et_pb_blurb][\/et_pb_column][\/et_pb_row][et_pb_row column_structure=\u00a0\u00bb1_2,1_2&Prime; module_class=\u00a0\u00bbtablet-two-cols\u00a0\u00bb _builder_version=\u00a0\u00bb4.27.0&Prime; _module_preset=\u00a0\u00bbdefault\u00a0\u00bb global_colors_info=\u00a0\u00bb{}\u00a0\u00bb][et_pb_column type=\u00a0\u00bb1_2&Prime; _builder_version=\u00a0\u00bb4.27.0&Prime; _module_preset=\u00a0\u00bbdefault\u00a0\u00bb global_colors_info=\u00a0\u00bb{}\u00a0\u00bb][et_pb_text _builder_version=\u00a0\u00bb4.27.0&Prime; _module_preset=\u00a0\u00bbdefault\u00a0\u00bb text_font=\u00a0\u00bbES ALLIANZ|||on|||||\u00a0\u00bb text_text_color=\u00a0\u00bb#1A1A1A\u00a0\u00bb text_font_size=\u00a0\u00bb16px\u00a0\u00bb custom_margin=\u00a0\u00bb||11px|||\u00a0\u00bb global_colors_info=\u00a0\u00bb{}\u00a0\u00bb]DESCRIPTION DE L&rsquo;\u0152UVRE D&rsquo;ART[\/et_pb_text][et_pb_image src=\u00a0\u00bbhttps:\/\/catalogue.exmuro.com\/wp-content\/uploads\/2026\/03\/feindre-leden-pour-un-temps-le-chaos.png\u00a0\u00bb title_text=\u00a0\u00bbfeindre-leden-pour-un-temps-le-chaos\u00a0\u00bb _builder_version=\u00a0\u00bb4.27.5&Prime; _module_preset=\u00a0\u00bbdefault\u00a0\u00bb hover_enabled=\u00a0\u00bb0&Prime; global_colors_info=\u00a0\u00bb{}\u00a0\u00bb sticky_enabled=\u00a0\u00bb0&Prime;][\/et_pb_image][et_pb_text _builder_version=\u00a0\u00bb4.27.5&Prime; _module_preset=\u00a0\u00bbdefault\u00a0\u00bb text_font=\u00a0\u00bbES ALLIANZ||on|on|||||\u00a0\u00bb text_text_color=\u00a0\u00bb#1A1A1A\u00a0\u00bb text_font_size=\u00a0\u00bb16px\u00a0\u00bb custom_margin=\u00a0\u00bb||11px|||\u00a0\u00bb global_colors_info=\u00a0\u00bb{}\u00a0\u00bb]<\/p>\n<p>FEINDRE L\u2019\u00c9DEN, POUR UN TEMPS LE CHAOS<\/p>\n<p>[\/et_pb_text][et_pb_text _builder_version=\u00a0\u00bb4.27.5&Prime; _module_preset=\u00a0\u00bbdefault\u00a0\u00bb text_font=\u00a0\u00bbES ALLIANZ||||||||\u00a0\u00bb text_text_color=\u00a0\u00bb#1A1A1A\u00a0\u00bb custom_margin=\u00a0\u00bb||11px|||\u00a0\u00bb global_colors_info=\u00a0\u00bb{}\u00a0\u00bb]Au centre d\u2019une pi\u00e8ce tr\u00f4ne une table circulaire rappelant celles des grandes instances corporatives et diplomatiques. Autour de cette table, des chaises calcin\u00e9es t\u00e9moignent d\u2019un funeste \u00e9v\u00e9nement. Sur le mur devant, un \u00e9cran diffuse un plan-s\u00e9quence o\u00f9 l\u2019on voit la m\u00eame table autour de laquelle huit personnages se toisent avec d\u00e9fiance, sourires crisp\u00e9s et humeurs impassibles. Peu \u00e0 peu, les esprits s\u2019\u00e9chauffent et s\u2019embrasent. Dehors, c\u2019est la guerre et le chaos. Tous agissent pourtant comme si de rien n\u2019\u00e9tait : ni feu, ni flamme. La cam\u00e9ra s\u2019\u00e9l\u00e8ve, r\u00e9v\u00e9lant un lieu inusit\u00e9, le bunker des t\u00eates br\u00fbl\u00e9es.<br \/>\n <br \/>\nDans la pi\u00e8ce, la table est un espace sonore vivant, en accord avec l\u2019image vid\u00e9o. Des drapeaux officiels fictifs entourent la table et sont align\u00e9s sur la fa\u00e7ade ext\u00e9rieure du b\u00e2timent, imposant leurs id\u00e9ologies douteuses sous des airs vertueux et protocolaires. Leurs compositions amalgament des r\u00e9f\u00e9rences aux industries mini\u00e8res et militaires, aux institutions bancaires et religieuses, ainsi qu\u2019aux conflits g\u00e9opolitiques qui marquent notre \u00e9poque.<br \/>\n <br \/>\nAnn\u00e9e de cr\u00e9ation : 2023-2025[\/et_pb_text][et_pb_text _builder_version=\u00a0\u00bb4.27.0&Prime; _module_preset=\u00a0\u00bbdefault\u00a0\u00bb text_font=\u00a0\u00bbES ALLIANZ|||on|||||\u00a0\u00bb text_text_color=\u00a0\u00bb#1A1A1A\u00a0\u00bb text_font_size=\u00a0\u00bb16px\u00a0\u00bb custom_margin=\u00a0\u00bb50px||11px||false|false\u00a0\u00bb global_colors_info=\u00a0\u00bb{}\u00a0\u00bb]Sp\u00e9cifications techniques[\/et_pb_text][et_pb_text _builder_version=\u00a0\u00bb4.27.5&Prime; _module_preset=\u00a0\u00bbdefault\u00a0\u00bb text_font=\u00a0\u00bbES ALLIANZ||||||||\u00a0\u00bb text_text_color=\u00a0\u00bb#1A1A1A\u00a0\u00bb custom_margin=\u00a0\u00bb||11px|||\u00a0\u00bb global_colors_info=\u00a0\u00bb{}\u00a0\u00bb]Mat\u00e9riaux : Chaises, table, syst\u00e8me audio et de vibration, \u00e9cran, micros, 8 drapeaux, film<br \/>\n <br \/>\nNombre d&rsquo;articles : 1<br \/>\n <br \/>\nNotes : Installation sculpturale, vid\u00e9o et sonore \u00e0 l\u2019int\u00e9rieur, et qui peut se d\u00e9ployer en ext\u00e9rieur avec les drapeaux [\/et_pb_text][et_pb_blurb title=\u00a0\u00bb DEMANDER UN DEVIS\u00a0\u00bb url=\u00a0\u00bbhttps:\/\/catalogue.exmuro.com\/fr\/contact\/\u00a0\u00bb image=\u00a0\u00bbhttps:\/\/catalogue.exmuro.com\/wp-content\/uploads\/2024\/08\/ico-fleche-droite.svg\u00a0\u00bb icon_placement=\u00a0\u00bbleft\u00a0\u00bb image_icon_width=\u00a0\u00bb75%\u00a0\u00bb content_max_width_tablet=\u00a0\u00bb234px\u00a0\u00bb content_max_width_phone=\u00a0\u00bb233px\u00a0\u00bb content_max_width_last_edited=\u00a0\u00bboff|desktop\u00a0\u00bb _builder_version=\u00a0\u00bb4.27.0&Prime; _module_preset=\u00a0\u00bbdefault\u00a0\u00bb header_level=\u00a0\u00bbh6&Prime; header_font=\u00a0\u00bb|||on|||||\u00a0\u00bb header_text_color=\u00a0\u00bb#000000&Prime; header_font_size=\u00a0\u00bb12px\u00a0\u00bb background_color=\u00a0\u00bbRGBA(255,255,255,0)\u00a0\u00bb text_orientation=\u00a0\u00bbright\u00a0\u00bb width=\u00a0\u00bb184px\u00a0\u00bb width_tablet=\u00a0\u00bb184px\u00a0\u00bb width_phone=\u00a0\u00bb183px\u00a0\u00bb width_last_edited=\u00a0\u00bbon|phone\u00a0\u00bb module_alignment=\u00a0\u00bbleft\u00a0\u00bb height=\u00a0\u00bb41px\u00a0\u00bb custom_margin=\u00a0\u00bb50px||||false|false\u00a0\u00bb custom_padding=\u00a0\u00bb15px||26px||false|false\u00a0\u00bb animation=\u00a0\u00bboff\u00a0\u00bb link_option_url=\u00a0\u00bbhttps:\/\/catalogue.exmuro.com\/fr\/contact\/\u00a0\u00bb module_alignment_tablet=\u00a0\u00bbleft\u00a0\u00bb module_alignment_phone=\u00a0\u00bbleft\u00a0\u00bb module_alignment_last_edited=\u00a0\u00bbon|phone\u00a0\u00bb custom_css_blurb_image=\u00a0\u00bbmargin-left: 10px;\u00a0\u00bb custom_css_blurb_content=\u00a0\u00bbdisplay: flex;||flex-direction: row-reverse;\u00a0\u00bb border_width_all=\u00a0\u00bb2px\u00a0\u00bb border_color_all=\u00a0\u00bb#000000&Prime; global_colors_info=\u00a0\u00bb{}\u00a0\u00bb image__hover_enabled=\u00a0\u00bbon|hover\u00a0\u00bb image__hover=\u00a0\u00bbhttps:\/\/catalogue.exmuro.com\/wp-content\/uploads\/2024\/08\/ico-fleche-droite.svg\u00a0\u00bb background__hover_enabled=\u00a0\u00bbon|hover\u00a0\u00bb background_color__hover=\u00a0\u00bb#FAE806&Prime; background_enable_color__hover=\u00a0\u00bbon\u00a0\u00bb header_text_color__hover_enabled=\u00a0\u00bbon|hover\u00a0\u00bb header_text_color__hover=\u00a0\u00bb#000000&Prime; border_width_all__hover_enabled=\u00a0\u00bbon|desktop\u00a0\u00bb border_width_all__hover=\u00a0\u00bb2px\u00a0\u00bb border_color_all__hover=\u00a0\u00bb#FAE806&Prime; border_color_all__hover_enabled=\u00a0\u00bbon|hover\u00a0\u00bb][\/et_pb_blurb][\/et_pb_column][et_pb_column type=\u00a0\u00bb1_2&Prime; _builder_version=\u00a0\u00bb4.27.0&Prime; _module_preset=\u00a0\u00bbdefault\u00a0\u00bb global_colors_info=\u00a0\u00bb{}\u00a0\u00bb][et_pb_text _builder_version=\u00a0\u00bb4.27.0&Prime; _module_preset=\u00a0\u00bbdefault\u00a0\u00bb text_font=\u00a0\u00bbES ALLIANZ|||on|||||\u00a0\u00bb text_text_color=\u00a0\u00bb#1A1A1A\u00a0\u00bb text_font_size=\u00a0\u00bb16px\u00a0\u00bb custom_margin=\u00a0\u00bb||11px|||\u00a0\u00bb global_colors_info=\u00a0\u00bb{}\u00a0\u00bb]ARTISTE[\/et_pb_text][et_pb_image src=\u00a0\u00bbhttps:\/\/catalogue.exmuro.com\/wp-content\/uploads\/2026\/03\/martin-bureau.png\u00a0\u00bb title_text=\u00a0\u00bbmartin-bureau\u00a0\u00bb disabled_on=\u00a0\u00bboff|off|off\u00a0\u00bb _builder_version=\u00a0\u00bb4.27.5&Prime; _module_preset=\u00a0\u00bbdefault\u00a0\u00bb hover_enabled=\u00a0\u00bb0&Prime; global_colors_info=\u00a0\u00bb{}\u00a0\u00bb sticky_enabled=\u00a0\u00bb0&Prime;][\/et_pb_image][et_pb_text _builder_version=\u00a0\u00bb4.27.5&Prime; _module_preset=\u00a0\u00bbdefault\u00a0\u00bb text_font=\u00a0\u00bbES ALLIANZ|||on|||||\u00a0\u00bb text_text_color=\u00a0\u00bb#1A1A1A\u00a0\u00bb text_font_size=\u00a0\u00bb16px\u00a0\u00bb custom_margin=\u00a0\u00bb||11px|||\u00a0\u00bb global_colors_info=\u00a0\u00bb{}\u00a0\u00bb]MARTIN BUREAU, QU\u00c9BEC [\/et_pb_text][et_pb_text _builder_version=\u00a0\u00bb4.27.5&Prime; _module_preset=\u00a0\u00bbdefault\u00a0\u00bb text_font=\u00a0\u00bbES ALLIANZ||||||||\u00a0\u00bb text_text_color=\u00a0\u00bb#1A1A1A\u00a0\u00bb custom_margin=\u00a0\u00bb||11px|||\u00a0\u00bb global_colors_info=\u00a0\u00bb{}\u00a0\u00bb]Ancr\u00e9e dans la peinture, le cin\u00e9ma documentaire et l\u2019installation vid\u00e9o, la pratique multidisciplinaire de Martin Bureau est travers\u00e9e de r\u00e9flexions sociologiques li\u00e9es au g\u00e9opolitique et \u00e0 l\u2019environnement. Consid\u00e9rant l\u2019anthropoc\u00e8ne comme une catastrophe annonc\u00e9e, ou une s\u00e9dimentation de nos d\u00e9bordements, il cherche \u00e0 mettre en forme \u00ab\u202fune po\u00e9tique du d\u00e9sastre\u202f\u00bb.<br \/>\n <br \/>\nMartin Bureau vit et travaille \u00e0 Qu\u00e9bec o\u00f9 il est repr\u00e9sent\u00e9 par Chiguer Art Contemporain. Il a expos\u00e9 en lieux prestigieux tels que les mus\u00e9es d\u2019art contemporain MACVAL \u00e0 Paris et Quinta Normal de Santiago. Ses tableaux sont notamment pr\u00e9sents dans les collections du Mus\u00e9e national des beaux-arts du Qu\u00e9bec, de Desjardins et de Loto-Qu\u00e9bec. [\/et_pb_text][\/et_pb_column][\/et_pb_row][\/et_pb_section][et_pb_section fb_built=\u00a0\u00bb1&Prime; module_id=\u00a0\u00bbphotosvideos\u00a0\u00bb _builder_version=\u00a0\u00bb4.27.5&Prime; _module_preset=\u00a0\u00bbdefault\u00a0\u00bb background_color=\u00a0\u00bb#1A1A1A\u00a0\u00bb global_colors_info=\u00a0\u00bb{}\u00a0\u00bb][et_pb_row _builder_version=\u00a0\u00bb4.27.0&Prime; _module_preset=\u00a0\u00bbdefault\u00a0\u00bb global_colors_info=\u00a0\u00bb{}\u00a0\u00bb][et_pb_column type=\u00a0\u00bb4_4&Prime; _builder_version=\u00a0\u00bb4.27.0&Prime; _module_preset=\u00a0\u00bbdefault\u00a0\u00bb global_colors_info=\u00a0\u00bb{}\u00a0\u00bb][difl_justifiedgallery gallery=\u00a0\u00bb3640,3642,3644,3646,3648,3650,3652,3654,3656,3658,3660,3664&Prime; image_size=\u00a0\u00bboriginal\u00a0\u00bb rowheight=\u00a0\u00bb300&Prime; use_lightbox=\u00a0\u00bbon\u00a0\u00bb show_content_lg=\u00a0\u00bbon\u00a0\u00bb overlay=\u00a0\u00bbon\u00a0\u00bb overlay_primary=\u00a0\u00bbrgba(250,232,6,0.55)\u00a0\u00bb overlay_secondary=\u00a0\u00bbrgba(250,232,6,0.55)\u00a0\u00bb spinner_color=\u00a0\u00bb#FAE806&Prime; caption_tag=\u00a0\u00bbh3&Prime; more_btn_bg_bgcolor=\u00a0\u00bb#1A1A1A\u00a0\u00bb _builder_version=\u00a0\u00bb4.27.5&Prime; _module_preset=\u00a0\u00bbdefault\u00a0\u00bb caption_text_color=\u00a0\u00bb#FFFFFF\u00a0\u00bb caption_font_size=\u00a0\u00bb12px\u00a0\u00bb more_btn_font=\u00a0\u00bbES ALLIANZ|||on|||||\u00a0\u00bb more_btn_text_color=\u00a0\u00bb#FFFFFF\u00a0\u00bb border_width_all_more_btn=\u00a0\u00bb1px\u00a0\u00bb border_color_all_more_btn=\u00a0\u00bb#FFFFFF\u00a0\u00bb global_colors_info=\u00a0\u00bb{}\u00a0\u00bb][\/difl_justifiedgallery][\/et_pb_column][\/et_pb_row][\/et_pb_section][et_pb_section fb_built=\u00a0\u00bb1&Prime; disabled_on=\u00a0\u00bbon|on|on\u00a0\u00bb _builder_version=\u00a0\u00bb4.27.0&Prime; _module_preset=\u00a0\u00bbdefault\u00a0\u00bb background_image=\u00a0\u00bbhttps:\/\/catalogue.exmuro.com\/wp-content\/uploads\/2024\/08\/background-experience.svg\u00a0\u00bb background_size=\u00a0\u00bbcustom\u00a0\u00bb background_image_width=\u00a0\u00bb95%\u00a0\u00bb background_image_height=\u00a0\u00bb0%\u00a0\u00bb custom_padding=\u00a0\u00bb80px||80px||true|false\u00a0\u00bb disabled=\u00a0\u00bbon\u00a0\u00bb global_colors_info=\u00a0\u00bb{}\u00a0\u00bb][et_pb_row _builder_version=\u00a0\u00bb4.27.0&Prime; _module_preset=\u00a0\u00bbdefault\u00a0\u00bb global_colors_info=\u00a0\u00bb{}\u00a0\u00bb][et_pb_column type=\u00a0\u00bb4_4&Prime; _builder_version=\u00a0\u00bb4.27.0&Prime; _module_preset=\u00a0\u00bbdefault\u00a0\u00bb global_colors_info=\u00a0\u00bb{}\u00a0\u00bb][et_pb_text _builder_version=\u00a0\u00bb4.27.0&Prime; _module_preset=\u00a0\u00bbdefault\u00a0\u00bb text_font=\u00a0\u00bbES ALLIANZ|||on|||||\u00a0\u00bb text_text_color=\u00a0\u00bb#1A1A1A\u00a0\u00bb text_font_size=\u00a0\u00bb20px\u00a0\u00bb text_orientation=\u00a0\u00bbcenter\u00a0\u00bb global_colors_info=\u00a0\u00bb{}\u00a0\u00bb]Partage d&rsquo;exp\u00e9rience[\/et_pb_text][et_pb_text _builder_version=\u00a0\u00bb4.27.0&Prime; _module_preset=\u00a0\u00bbdefault\u00a0\u00bb text_font=\u00a0\u00bbES ALLIANZ||||||||\u00a0\u00bb text_text_color=\u00a0\u00bb#1A1A1A\u00a0\u00bb custom_margin=\u00a0\u00bb||11px|||\u00a0\u00bb global_colors_info=\u00a0\u00bb{}\u00a0\u00bb]<\/p>\n<p style=\"text-align: center;\">\u00a0\u00bb Nous avons eu la chance d&rsquo;accueillir cette \u0153uvre impressionnante de Nicole Banowetz \u00e0 Longueuil. Les citadin-e-s ont \u00e9t\u00e9 \u00e9merveill\u00e9-e-s et nous avons re\u00e7u plein de beaux commentaires. On tient \u00e0 souligner le professionnalisme de l&rsquo;\u00e9quipe d&rsquo;EXMURO qui nous ont accompagn\u00e9 dans cette aventure. \u00ab\u00a0<\/p>\n<p style=\"text-align: center;\">Pascale Beaudet &#8211; Longueuil est culture<\/p>\n<p>[\/et_pb_text][\/et_pb_column][\/et_pb_row][\/et_pb_section][et_pb_section fb_built=\u00a0\u00bb1&Prime; disabled_on=\u00a0\u00bbon|on|on\u00a0\u00bb _builder_version=\u00a0\u00bb4.27.0&Prime; _module_preset=\u00a0\u00bbdefault\u00a0\u00bb background_color=\u00a0\u00bb#F4F4F4&Prime; custom_padding=\u00a0\u00bb15px||15px||true|false\u00a0\u00bb disabled=\u00a0\u00bbon\u00a0\u00bb global_colors_info=\u00a0\u00bb{}\u00a0\u00bb][et_pb_row _builder_version=\u00a0\u00bb4.27.0&Prime; _module_preset=\u00a0\u00bbdefault\u00a0\u00bb global_colors_info=\u00a0\u00bb{}\u00a0\u00bb][et_pb_column type=\u00a0\u00bb4_4&Prime; _builder_version=\u00a0\u00bb4.27.0&Prime; _module_preset=\u00a0\u00bbdefault\u00a0\u00bb global_colors_info=\u00a0\u00bb{}\u00a0\u00bb][et_pb_text _builder_version=\u00a0\u00bb4.27.0&Prime; _module_preset=\u00a0\u00bbdefault\u00a0\u00bb text_font=\u00a0\u00bbES ALLIANZ|||on|||||\u00a0\u00bb text_text_color=\u00a0\u00bb#1A1A1A\u00a0\u00bb text_font_size=\u00a0\u00bb20px\u00a0\u00bb text_orientation=\u00a0\u00bbcenter\u00a0\u00bb global_colors_info=\u00a0\u00bb{}\u00a0\u00bb]\u0153uvres de cette artiste[\/et_pb_text][\/et_pb_column][\/et_pb_row][et_pb_row column_structure=\u00a0\u00bb1_3,1_3,1_3&Prime; module_class=\u00a0\u00bbtablet-three-cols\u00a0\u00bb _builder_version=\u00a0\u00bb4.27.0&Prime; _module_preset=\u00a0\u00bbdefault\u00a0\u00bb global_colors_info=\u00a0\u00bb{}\u00a0\u00bb][et_pb_column type=\u00a0\u00bb1_3&Prime; _builder_version=\u00a0\u00bb4.27.0&Prime; _module_preset=\u00a0\u00bbdefault\u00a0\u00bb global_colors_info=\u00a0\u00bb{}\u00a0\u00bb][et_pb_image src=\u00a0\u00bbhttps:\/\/catalogue.exmuro.com\/wp-content\/uploads\/2024\/08\/photo-fiche-oeuvre-description-moment-adaptation.webp\u00a0\u00bb title_text=\u00a0\u00bbphoto-fiche-oeuvre-description-moment-adaptation\u00a0\u00bb _builder_version=\u00a0\u00bb4.27.0&Prime; _module_preset=\u00a0\u00bbdefault\u00a0\u00bb global_colors_info=\u00a0\u00bb{}\u00a0\u00bb][\/et_pb_image][et_pb_text _builder_version=\u00a0\u00bb4.27.0&Prime; _module_preset=\u00a0\u00bbdefault\u00a0\u00bb text_font=\u00a0\u00bbES ALLIANZ||||||||\u00a0\u00bb text_text_color=\u00a0\u00bb#1A1A1A\u00a0\u00bb link_font=\u00a0\u00bb||||on|||#191919|\u00a0\u00bb link_text_color=\u00a0\u00bb#191919&Prime; custom_margin=\u00a0\u00bb||11px|||\u00a0\u00bb global_colors_info=\u00a0\u00bb{}\u00a0\u00bb]LOREM IPSUM DOLOR SIT AMET &#8211; Consectetuer Adipiscing[\/et_pb_text][\/et_pb_column][et_pb_column type=\u00a0\u00bb1_3&Prime; _builder_version=\u00a0\u00bb4.27.0&Prime; _module_preset=\u00a0\u00bbdefault\u00a0\u00bb global_colors_info=\u00a0\u00bb{}\u00a0\u00bb][\/et_pb_column][et_pb_column type=\u00a0\u00bb1_3&Prime; _builder_version=\u00a0\u00bb4.27.0&Prime; _module_preset=\u00a0\u00bbdefault\u00a0\u00bb global_colors_info=\u00a0\u00bb{}\u00a0\u00bb][\/et_pb_column][\/et_pb_row][\/et_pb_section]<\/p>\n","protected":false},"excerpt":{"rendered":"<p>FEINDRE L\u2019\u00c9DEN, POUR UN TEMPS LE CHAOS Martin BureauDESCRIPTION DE L&rsquo;\u0152UVRE D&rsquo;ARTFEINDRE L\u2019\u00c9DEN, POUR UN TEMPS LE CHAOSAu centre d\u2019une pi\u00e8ce tr\u00f4ne une table circulaire rappelant celles des grandes instances corporatives et diplomatiques. Autour de cette table, des chaises calcin\u00e9es t\u00e9moignent d\u2019un funeste \u00e9v\u00e9nement. Sur le mur devant, un \u00e9cran diffuse un plan-s\u00e9quence o\u00f9 l\u2019on [&hellip;]<\/p>\n","protected":false},"author":2,"featured_media":3658,"comment_status":"open","ping_status":"closed","template":"","meta":{"_et_pb_use_builder":"on","_et_pb_old_content":"","_et_gb_content_width":"","footnotes":""},"project_category":[28,35,26],"project_tag":[],"class_list":["post-3671","project","type-project","status-publish","has-post-thumbnail","hentry","project_category-autoportante","project_category-interieure","project_category-nouveau"],"yoast_head":"<!-- This site is optimized with the Yoast SEO plugin v27.2 - https:\/\/yoast.com\/product\/yoast-seo-wordpress\/ -->\n<title>FEINDRE L\u2019\u00c9DEN, POUR UN TEMPS LE CHAOS - Martin Bureau - EXMURO -<\/title>\n<meta name=\"description\" content=\"Au centre d\u2019une pi\u00e8ce tr\u00f4ne une table circulaire rappelant celles des grandes instances corporatives et diplomatiques.\" \/>\n<meta name=\"robots\" content=\"index, follow, max-snippet:-1, max-image-preview:large, max-video-preview:-1\" \/>\n<link rel=\"canonical\" href=\"https:\/\/catalogue.exmuro.com\/fr\/artwork\/feindre-leden-pour-un-temps-le-chaos\/\" \/>\n<meta property=\"og:locale\" content=\"fr_FR\" \/>\n<meta property=\"og:type\" content=\"article\" \/>\n<meta property=\"og:title\" content=\"FEINDRE L\u2019\u00c9DEN, POUR UN TEMPS LE CHAOS - Martin Bureau - EXMURO -\" \/>\n<meta property=\"og:description\" content=\"Au centre d\u2019une pi\u00e8ce tr\u00f4ne une table circulaire rappelant celles des grandes instances corporatives et diplomatiques.\" \/>\n<meta property=\"og:url\" content=\"https:\/\/catalogue.exmuro.com\/fr\/artwork\/feindre-leden-pour-un-temps-le-chaos\/\" \/>\n<meta property=\"og:site_name\" content=\"EXMURO -\" \/>\n<meta property=\"article:modified_time\" content=\"2026-03-17T13:55:32+00:00\" \/>\n<meta property=\"og:image\" content=\"https:\/\/catalogue.exmuro.com\/wp-content\/uploads\/2026\/02\/Exmuro_2025_MartinBureau_V7A9426.jpg\" \/>\n\t<meta property=\"og:image:width\" content=\"2048\" \/>\n\t<meta property=\"og:image:height\" content=\"1366\" \/>\n\t<meta property=\"og:image:type\" content=\"image\/jpeg\" \/>\n<meta name=\"twitter:card\" content=\"summary_large_image\" \/>\n<meta name=\"twitter:label1\" content=\"Dur\u00e9e de lecture estim\u00e9e\" \/>\n\t<meta name=\"twitter:data1\" content=\"6 minutes\" \/>\n<script type=\"application\/ld+json\" class=\"yoast-schema-graph\">{\"@context\":\"https:\/\/schema.org\",\"@graph\":[{\"@type\":\"WebPage\",\"@id\":\"https:\/\/catalogue.exmuro.com\/fr\/artwork\/feindre-leden-pour-un-temps-le-chaos\/\",\"url\":\"https:\/\/catalogue.exmuro.com\/fr\/artwork\/feindre-leden-pour-un-temps-le-chaos\/\",\"name\":\"FEINDRE L\u2019\u00c9DEN, POUR UN TEMPS LE CHAOS - Martin Bureau - EXMURO -\",\"isPartOf\":{\"@id\":\"https:\/\/catalogue.exmuro.com\/fr\/#website\"},\"primaryImageOfPage\":{\"@id\":\"https:\/\/catalogue.exmuro.com\/fr\/artwork\/feindre-leden-pour-un-temps-le-chaos\/#primaryimage\"},\"image\":{\"@id\":\"https:\/\/catalogue.exmuro.com\/fr\/artwork\/feindre-leden-pour-un-temps-le-chaos\/#primaryimage\"},\"thumbnailUrl\":\"https:\/\/catalogue.exmuro.com\/wp-content\/uploads\/2026\/02\/Exmuro_2025_MartinBureau_V7A9426.jpg\",\"datePublished\":\"2026-02-19T20:31:35+00:00\",\"dateModified\":\"2026-03-17T13:55:32+00:00\",\"description\":\"Au centre d\u2019une pi\u00e8ce tr\u00f4ne une table circulaire rappelant celles des grandes instances corporatives et diplomatiques.\",\"breadcrumb\":{\"@id\":\"https:\/\/catalogue.exmuro.com\/fr\/artwork\/feindre-leden-pour-un-temps-le-chaos\/#breadcrumb\"},\"inLanguage\":\"fr-FR\",\"potentialAction\":[{\"@type\":\"ReadAction\",\"target\":[\"https:\/\/catalogue.exmuro.com\/fr\/artwork\/feindre-leden-pour-un-temps-le-chaos\/\"]}]},{\"@type\":\"ImageObject\",\"inLanguage\":\"fr-FR\",\"@id\":\"https:\/\/catalogue.exmuro.com\/fr\/artwork\/feindre-leden-pour-un-temps-le-chaos\/#primaryimage\",\"url\":\"https:\/\/catalogue.exmuro.com\/wp-content\/uploads\/2026\/02\/Exmuro_2025_MartinBureau_V7A9426.jpg\",\"contentUrl\":\"https:\/\/catalogue.exmuro.com\/wp-content\/uploads\/2026\/02\/Exmuro_2025_MartinBureau_V7A9426.jpg\",\"width\":2048,\"height\":1366,\"caption\":\"Photo : St\u00e9phane Bourgeois\"},{\"@type\":\"BreadcrumbList\",\"@id\":\"https:\/\/catalogue.exmuro.com\/fr\/artwork\/feindre-leden-pour-un-temps-le-chaos\/#breadcrumb\",\"itemListElement\":[{\"@type\":\"ListItem\",\"position\":1,\"name\":\"Home\",\"item\":\"https:\/\/catalogue.exmuro.com\/fr\/\"},{\"@type\":\"ListItem\",\"position\":2,\"name\":\"artworks\",\"item\":\"https:\/\/catalogue.exmuro.com\/fr\/artwork\/\"},{\"@type\":\"ListItem\",\"position\":3,\"name\":\"FEINDRE L\u2019\u00c9DEN, POUR UN TEMPS LE CHAOS &#8211; Martin Bureau\"}]},{\"@type\":\"WebSite\",\"@id\":\"https:\/\/catalogue.exmuro.com\/fr\/#website\",\"url\":\"https:\/\/catalogue.exmuro.com\/fr\/\",\"name\":\"EXMURO - Catalog\",\"description\":\"Catalog of artworks\",\"publisher\":{\"@id\":\"https:\/\/catalogue.exmuro.com\/fr\/#organization\"},\"potentialAction\":[{\"@type\":\"SearchAction\",\"target\":{\"@type\":\"EntryPoint\",\"urlTemplate\":\"https:\/\/catalogue.exmuro.com\/fr\/?s={search_term_string}\"},\"query-input\":{\"@type\":\"PropertyValueSpecification\",\"valueRequired\":true,\"valueName\":\"search_term_string\"}}],\"inLanguage\":\"fr-FR\"},{\"@type\":\"Organization\",\"@id\":\"https:\/\/catalogue.exmuro.com\/fr\/#organization\",\"name\":\"EXMURO - Catalog\",\"url\":\"https:\/\/catalogue.exmuro.com\/fr\/\",\"logo\":{\"@type\":\"ImageObject\",\"inLanguage\":\"fr-FR\",\"@id\":\"https:\/\/catalogue.exmuro.com\/fr\/#\/schema\/logo\/image\/\",\"url\":\"https:\/\/catalogue.exmuro.com\/wp-content\/uploads\/2024\/09\/logo-exmuro-catalog-english-black.svg\",\"contentUrl\":\"https:\/\/catalogue.exmuro.com\/wp-content\/uploads\/2024\/09\/logo-exmuro-catalog-english-black.svg\",\"width\":1,\"height\":1,\"caption\":\"EXMURO - Catalog\"},\"image\":{\"@id\":\"https:\/\/catalogue.exmuro.com\/fr\/#\/schema\/logo\/image\/\"}}]}<\/script>\n<!-- \/ Yoast SEO plugin. -->","yoast_head_json":{"title":"FEINDRE L\u2019\u00c9DEN, POUR UN TEMPS LE CHAOS - Martin Bureau - EXMURO -","description":"Au centre d\u2019une pi\u00e8ce tr\u00f4ne une table circulaire rappelant celles des grandes instances corporatives et diplomatiques.","robots":{"index":"index","follow":"follow","max-snippet":"max-snippet:-1","max-image-preview":"max-image-preview:large","max-video-preview":"max-video-preview:-1"},"canonical":"https:\/\/catalogue.exmuro.com\/fr\/artwork\/feindre-leden-pour-un-temps-le-chaos\/","og_locale":"fr_FR","og_type":"article","og_title":"FEINDRE L\u2019\u00c9DEN, POUR UN TEMPS LE CHAOS - Martin Bureau - EXMURO -","og_description":"Au centre d\u2019une pi\u00e8ce tr\u00f4ne une table circulaire rappelant celles des grandes instances corporatives et diplomatiques.","og_url":"https:\/\/catalogue.exmuro.com\/fr\/artwork\/feindre-leden-pour-un-temps-le-chaos\/","og_site_name":"EXMURO -","article_modified_time":"2026-03-17T13:55:32+00:00","og_image":[{"width":2048,"height":1366,"url":"https:\/\/catalogue.exmuro.com\/wp-content\/uploads\/2026\/02\/Exmuro_2025_MartinBureau_V7A9426.jpg","type":"image\/jpeg"}],"twitter_card":"summary_large_image","twitter_misc":{"Dur\u00e9e de lecture estim\u00e9e":"6 minutes"},"schema":{"@context":"https:\/\/schema.org","@graph":[{"@type":"WebPage","@id":"https:\/\/catalogue.exmuro.com\/fr\/artwork\/feindre-leden-pour-un-temps-le-chaos\/","url":"https:\/\/catalogue.exmuro.com\/fr\/artwork\/feindre-leden-pour-un-temps-le-chaos\/","name":"FEINDRE L\u2019\u00c9DEN, POUR UN TEMPS LE CHAOS - Martin Bureau - EXMURO -","isPartOf":{"@id":"https:\/\/catalogue.exmuro.com\/fr\/#website"},"primaryImageOfPage":{"@id":"https:\/\/catalogue.exmuro.com\/fr\/artwork\/feindre-leden-pour-un-temps-le-chaos\/#primaryimage"},"image":{"@id":"https:\/\/catalogue.exmuro.com\/fr\/artwork\/feindre-leden-pour-un-temps-le-chaos\/#primaryimage"},"thumbnailUrl":"https:\/\/catalogue.exmuro.com\/wp-content\/uploads\/2026\/02\/Exmuro_2025_MartinBureau_V7A9426.jpg","datePublished":"2026-02-19T20:31:35+00:00","dateModified":"2026-03-17T13:55:32+00:00","description":"Au centre d\u2019une pi\u00e8ce tr\u00f4ne une table circulaire rappelant celles des grandes instances corporatives et diplomatiques.","breadcrumb":{"@id":"https:\/\/catalogue.exmuro.com\/fr\/artwork\/feindre-leden-pour-un-temps-le-chaos\/#breadcrumb"},"inLanguage":"fr-FR","potentialAction":[{"@type":"ReadAction","target":["https:\/\/catalogue.exmuro.com\/fr\/artwork\/feindre-leden-pour-un-temps-le-chaos\/"]}]},{"@type":"ImageObject","inLanguage":"fr-FR","@id":"https:\/\/catalogue.exmuro.com\/fr\/artwork\/feindre-leden-pour-un-temps-le-chaos\/#primaryimage","url":"https:\/\/catalogue.exmuro.com\/wp-content\/uploads\/2026\/02\/Exmuro_2025_MartinBureau_V7A9426.jpg","contentUrl":"https:\/\/catalogue.exmuro.com\/wp-content\/uploads\/2026\/02\/Exmuro_2025_MartinBureau_V7A9426.jpg","width":2048,"height":1366,"caption":"Photo : St\u00e9phane Bourgeois"},{"@type":"BreadcrumbList","@id":"https:\/\/catalogue.exmuro.com\/fr\/artwork\/feindre-leden-pour-un-temps-le-chaos\/#breadcrumb","itemListElement":[{"@type":"ListItem","position":1,"name":"Home","item":"https:\/\/catalogue.exmuro.com\/fr\/"},{"@type":"ListItem","position":2,"name":"artworks","item":"https:\/\/catalogue.exmuro.com\/fr\/artwork\/"},{"@type":"ListItem","position":3,"name":"FEINDRE L\u2019\u00c9DEN, POUR UN TEMPS LE CHAOS &#8211; Martin Bureau"}]},{"@type":"WebSite","@id":"https:\/\/catalogue.exmuro.com\/fr\/#website","url":"https:\/\/catalogue.exmuro.com\/fr\/","name":"EXMURO - Catalog","description":"Catalog of artworks","publisher":{"@id":"https:\/\/catalogue.exmuro.com\/fr\/#organization"},"potentialAction":[{"@type":"SearchAction","target":{"@type":"EntryPoint","urlTemplate":"https:\/\/catalogue.exmuro.com\/fr\/?s={search_term_string}"},"query-input":{"@type":"PropertyValueSpecification","valueRequired":true,"valueName":"search_term_string"}}],"inLanguage":"fr-FR"},{"@type":"Organization","@id":"https:\/\/catalogue.exmuro.com\/fr\/#organization","name":"EXMURO - Catalog","url":"https:\/\/catalogue.exmuro.com\/fr\/","logo":{"@type":"ImageObject","inLanguage":"fr-FR","@id":"https:\/\/catalogue.exmuro.com\/fr\/#\/schema\/logo\/image\/","url":"https:\/\/catalogue.exmuro.com\/wp-content\/uploads\/2024\/09\/logo-exmuro-catalog-english-black.svg","contentUrl":"https:\/\/catalogue.exmuro.com\/wp-content\/uploads\/2024\/09\/logo-exmuro-catalog-english-black.svg","width":1,"height":1,"caption":"EXMURO - Catalog"},"image":{"@id":"https:\/\/catalogue.exmuro.com\/fr\/#\/schema\/logo\/image\/"}}]}},"_links":{"self":[{"href":"https:\/\/catalogue.exmuro.com\/fr\/wp-json\/wp\/v2\/project\/3671","targetHints":{"allow":["GET"]}}],"collection":[{"href":"https:\/\/catalogue.exmuro.com\/fr\/wp-json\/wp\/v2\/project"}],"about":[{"href":"https:\/\/catalogue.exmuro.com\/fr\/wp-json\/wp\/v2\/types\/project"}],"author":[{"embeddable":true,"href":"https:\/\/catalogue.exmuro.com\/fr\/wp-json\/wp\/v2\/users\/2"}],"replies":[{"embeddable":true,"href":"https:\/\/catalogue.exmuro.com\/fr\/wp-json\/wp\/v2\/comments?post=3671"}],"version-history":[{"count":7,"href":"https:\/\/catalogue.exmuro.com\/fr\/wp-json\/wp\/v2\/project\/3671\/revisions"}],"predecessor-version":[{"id":4460,"href":"https:\/\/catalogue.exmuro.com\/fr\/wp-json\/wp\/v2\/project\/3671\/revisions\/4460"}],"wp:featuredmedia":[{"embeddable":true,"href":"https:\/\/catalogue.exmuro.com\/fr\/wp-json\/wp\/v2\/media\/3658"}],"wp:attachment":[{"href":"https:\/\/catalogue.exmuro.com\/fr\/wp-json\/wp\/v2\/media?parent=3671"}],"wp:term":[{"taxonomy":"project_category","embeddable":true,"href":"https:\/\/catalogue.exmuro.com\/fr\/wp-json\/wp\/v2\/project_category?post=3671"},{"taxonomy":"project_tag","embeddable":true,"href":"https:\/\/catalogue.exmuro.com\/fr\/wp-json\/wp\/v2\/project_tag?post=3671"}],"curies":[{"name":"wp","href":"https:\/\/api.w.org\/{rel}","templated":true}]}}