{"id":3832,"date":"2026-02-23T18:05:45","date_gmt":"2026-02-23T18:05:45","guid":{"rendered":"https:\/\/catalogue.exmuro.com\/?post_type=project&#038;p=3832"},"modified":"2026-03-17T13:26:05","modified_gmt":"2026-03-17T13:26:05","slug":"lost-in-reflection-guillaume-lachapelle","status":"publish","type":"project","link":"https:\/\/catalogue.exmuro.com\/fr\/artwork\/lost-in-reflection-guillaume-lachapelle\/","title":{"rendered":"LOST IN REFLECTION &#8211; Guillaume Lachapelle"},"content":{"rendered":"<p>[et_pb_section fb_built=\u00a0\u00bb1&Prime; _builder_version=\u00a0\u00bb4.27.5&Prime; _module_preset=\u00a0\u00bbdefault\u00a0\u00bb background_image=\u00a0\u00bbhttps:\/\/catalogue.exmuro.com\/wp-content\/uploads\/2026\/02\/lost-in-reflection.png\u00a0\u00bb height=\u00a0\u00bb500px\u00a0\u00bb global_colors_info=\u00a0\u00bb{}\u00a0\u00bb][et_pb_row _builder_version=\u00a0\u00bb4.27.0&Prime; _module_preset=\u00a0\u00bbdefault\u00a0\u00bb width=\u00a0\u00bb100%\u00a0\u00bb max_width=\u00a0\u00bb100%\u00a0\u00bb custom_margin=\u00a0\u00bb0px||0px||false|false\u00a0\u00bb custom_padding=\u00a0\u00bb0px||0px||false|false\u00a0\u00bb global_colors_info=\u00a0\u00bb{}\u00a0\u00bb][et_pb_column type=\u00a0\u00bb4_4&Prime; _builder_version=\u00a0\u00bb4.27.0&Prime; _module_preset=\u00a0\u00bbdefault\u00a0\u00bb global_colors_info=\u00a0\u00bb{}\u00a0\u00bb][et_pb_divider show_divider=\u00a0\u00bboff\u00a0\u00bb _builder_version=\u00a0\u00bb4.27.0&Prime; _module_preset=\u00a0\u00bbdefault\u00a0\u00bb global_colors_info=\u00a0\u00bb{}\u00a0\u00bb][\/et_pb_divider][\/et_pb_column][\/et_pb_row][\/et_pb_section][et_pb_section fb_built=\u00a0\u00bb1&Prime; _builder_version=\u00a0\u00bb4.27.0&Prime; _module_preset=\u00a0\u00bbdefault\u00a0\u00bb global_colors_info=\u00a0\u00bb{}\u00a0\u00bb][et_pb_row column_structure=\u00a0\u00bb3_5,2_5&Prime; module_class=\u00a0\u00bbtablet-two-cols\u00a0\u00bb _builder_version=\u00a0\u00bb4.27.0&Prime; _module_preset=\u00a0\u00bbdefault\u00a0\u00bb global_colors_info=\u00a0\u00bb{}\u00a0\u00bb][et_pb_column type=\u00a0\u00bb3_5&Prime; _builder_version=\u00a0\u00bb4.27.0&Prime; _module_preset=\u00a0\u00bbdefault\u00a0\u00bb global_colors_info=\u00a0\u00bb{}\u00a0\u00bb][et_pb_text _builder_version=\u00a0\u00bb4.27.5&Prime; _module_preset=\u00a0\u00bbdefault\u00a0\u00bb text_font=\u00a0\u00bbES ALLIANZ||||||||\u00a0\u00bb header_font=\u00a0\u00bbES ALLIANZ|100|on|on|||||\u00a0\u00bb header_font_size=\u00a0\u00bb36px\u00a0\u00bb header_2_font=\u00a0\u00bb|||on|||||\u00a0\u00bb header_2_font_size=\u00a0\u00bb16px\u00a0\u00bb global_colors_info=\u00a0\u00bb{}\u00a0\u00bb]<\/p>\n<h1>LOST IN REFLECTION<\/h1>\n<h2>GUILLAUME LACHAPELLE<\/h2>\n<p>[\/et_pb_text][\/et_pb_column][et_pb_column type=\u00a0\u00bb2_5&Prime; _builder_version=\u00a0\u00bb4.27.0&Prime; _module_preset=\u00a0\u00bbdefault\u00a0\u00bb global_colors_info=\u00a0\u00bb{}\u00a0\u00bb][et_pb_blurb title=\u00a0\u00bbPHOTOS ET VID\u00c9OS\u00a0\u00bb url=\u00a0\u00bb#photosvideos\u00a0\u00bb image=\u00a0\u00bbhttps:\/\/catalogue.exmuro.com\/wp-content\/uploads\/2024\/08\/ico-fleche-droite.svg\u00a0\u00bb icon_placement=\u00a0\u00bbleft\u00a0\u00bb image_icon_width=\u00a0\u00bb75%\u00a0\u00bb content_max_width_tablet=\u00a0\u00bb234px\u00a0\u00bb content_max_width_phone=\u00a0\u00bb233px\u00a0\u00bb content_max_width_last_edited=\u00a0\u00bboff|desktop\u00a0\u00bb _builder_version=\u00a0\u00bb4.27.0&Prime; _module_preset=\u00a0\u00bbdefault\u00a0\u00bb header_level=\u00a0\u00bbh6&Prime; header_font=\u00a0\u00bb|||on|||||\u00a0\u00bb header_text_color=\u00a0\u00bb#000000&Prime; header_font_size=\u00a0\u00bb12px\u00a0\u00bb background_color=\u00a0\u00bbRGBA(255,255,255,0)\u00a0\u00bb text_orientation=\u00a0\u00bbright\u00a0\u00bb width=\u00a0\u00bb173px\u00a0\u00bb width_tablet=\u00a0\u00bb173px\u00a0\u00bb width_phone=\u00a0\u00bb172px\u00a0\u00bb width_last_edited=\u00a0\u00bbon|phone\u00a0\u00bb module_alignment=\u00a0\u00bbcenter\u00a0\u00bb height=\u00a0\u00bb41px\u00a0\u00bb custom_margin=\u00a0\u00bb||||false|false\u00a0\u00bb custom_padding=\u00a0\u00bb15px||26px||false|false\u00a0\u00bb animation=\u00a0\u00bboff\u00a0\u00bb link_option_url=\u00a0\u00bb#photosvideos\u00a0\u00bb module_alignment_tablet=\u00a0\u00bbcenter\u00a0\u00bb module_alignment_phone=\u00a0\u00bbleft\u00a0\u00bb module_alignment_last_edited=\u00a0\u00bbon|phone\u00a0\u00bb custom_css_blurb_image=\u00a0\u00bbmargin-left: 10px;\u00a0\u00bb custom_css_blurb_content=\u00a0\u00bbdisplay: flex;||flex-direction: row-reverse;\u00a0\u00bb border_width_all=\u00a0\u00bb2px\u00a0\u00bb border_color_all=\u00a0\u00bb#000000&Prime; global_colors_info=\u00a0\u00bb{}\u00a0\u00bb image__hover_enabled=\u00a0\u00bbon|hover\u00a0\u00bb image__hover=\u00a0\u00bbhttps:\/\/catalogue.exmuro.com\/wp-content\/uploads\/2024\/08\/ico-fleche-droite.svg\u00a0\u00bb background__hover_enabled=\u00a0\u00bbon|hover\u00a0\u00bb background_color__hover=\u00a0\u00bb#FAE806&Prime; background_enable_color__hover=\u00a0\u00bbon\u00a0\u00bb header_text_color__hover_enabled=\u00a0\u00bbon|hover\u00a0\u00bb header_text_color__hover=\u00a0\u00bb#000000&Prime; border_width_all__hover_enabled=\u00a0\u00bbon|desktop\u00a0\u00bb border_width_all__hover=\u00a0\u00bb2px\u00a0\u00bb border_color_all__hover=\u00a0\u00bb#FAE806&Prime; border_color_all__hover_enabled=\u00a0\u00bbon|hover\u00a0\u00bb][\/et_pb_blurb][\/et_pb_column][\/et_pb_row][et_pb_row column_structure=\u00a0\u00bb1_2,1_2&Prime; module_class=\u00a0\u00bbtablet-two-cols\u00a0\u00bb _builder_version=\u00a0\u00bb4.27.0&Prime; _module_preset=\u00a0\u00bbdefault\u00a0\u00bb global_colors_info=\u00a0\u00bb{}\u00a0\u00bb][et_pb_column type=\u00a0\u00bb1_2&Prime; _builder_version=\u00a0\u00bb4.27.0&Prime; _module_preset=\u00a0\u00bbdefault\u00a0\u00bb global_colors_info=\u00a0\u00bb{}\u00a0\u00bb][et_pb_text _builder_version=\u00a0\u00bb4.27.0&Prime; _module_preset=\u00a0\u00bbdefault\u00a0\u00bb text_font=\u00a0\u00bbES ALLIANZ|||on|||||\u00a0\u00bb text_text_color=\u00a0\u00bb#1A1A1A\u00a0\u00bb text_font_size=\u00a0\u00bb16px\u00a0\u00bb custom_margin=\u00a0\u00bb||11px|||\u00a0\u00bb global_colors_info=\u00a0\u00bb{}\u00a0\u00bb]DESCRIPTION DE L&rsquo;\u0152UVRE D&rsquo;ART[\/et_pb_text][et_pb_image src=\u00a0\u00bbhttps:\/\/catalogue.exmuro.com\/wp-content\/uploads\/2026\/03\/lost-in-reflection.png\u00a0\u00bb title_text=\u00a0\u00bblost-in-reflection\u00a0\u00bb disabled_on=\u00a0\u00bboff|off|off\u00a0\u00bb _builder_version=\u00a0\u00bb4.27.5&Prime; _module_preset=\u00a0\u00bbdefault\u00a0\u00bb hover_enabled=\u00a0\u00bb0&Prime; global_colors_info=\u00a0\u00bb{}\u00a0\u00bb sticky_enabled=\u00a0\u00bb0&Prime;][\/et_pb_image][et_pb_text _builder_version=\u00a0\u00bb4.27.5&Prime; _module_preset=\u00a0\u00bbdefault\u00a0\u00bb text_font=\u00a0\u00bbES ALLIANZ||on|on|||||\u00a0\u00bb text_text_color=\u00a0\u00bb#1A1A1A\u00a0\u00bb text_font_size=\u00a0\u00bb16px\u00a0\u00bb custom_margin=\u00a0\u00bb||11px|||\u00a0\u00bb global_colors_info=\u00a0\u00bb{}\u00a0\u00bb]LOST IN REFLFECTION[\/et_pb_text][et_pb_text _builder_version=\u00a0\u00bb4.27.5&Prime; _module_preset=\u00a0\u00bbdefault\u00a0\u00bb text_font=\u00a0\u00bbES ALLIANZ||||||||\u00a0\u00bb text_text_color=\u00a0\u00bb#1A1A1A\u00a0\u00bb custom_margin=\u00a0\u00bb||11px|||\u00a0\u00bb global_colors_info=\u00a0\u00bb{}\u00a0\u00bb]Plongeant le spectateur dans un espace infini qui se fond dans un sombre n\u00e9ant, Lost in Reflection est une \u0153uvre vertigineuse qui bouleverse nos rep\u00e8res visuels. Une biblioth\u00e8que \u00e9nigmatique s\u2019ouvre sur un corridor sans fin gr\u00e2ce \u00e0 un subtil jeu de miroirs et de lumi\u00e8re. La r\u00e9p\u00e9tition des rayonnages, aux livres inaccessibles, sugg\u00e8re une connaissance totale\u2026 et pourtant insaisissable.<br \/>\n <br \/>\nGuillaume Lachapelle joue avec notre perception et interroge la nature m\u00eame du savoir. Lost in Reflection nous confronte \u00e0 l\u2019infinit\u00e9 de la connaissance et au vertige de son accumulation, \u00e9voquant un internet foisonnant mais paradoxalement d\u00e9nu\u00e9 de sens.<br \/>\n <br \/>\nAnn\u00e9e de cr\u00e9ation: 2015 [\/et_pb_text][et_pb_text _builder_version=\u00a0\u00bb4.27.0&Prime; _module_preset=\u00a0\u00bbdefault\u00a0\u00bb text_font=\u00a0\u00bbES ALLIANZ|||on|||||\u00a0\u00bb text_text_color=\u00a0\u00bb#1A1A1A\u00a0\u00bb text_font_size=\u00a0\u00bb16px\u00a0\u00bb custom_margin=\u00a0\u00bb50px||11px||false|false\u00a0\u00bb global_colors_info=\u00a0\u00bb{}\u00a0\u00bb]Sp\u00e9cifications techniques[\/et_pb_text][et_pb_text _builder_version=\u00a0\u00bb4.27.5&Prime; _module_preset=\u00a0\u00bbdefault\u00a0\u00bb text_font=\u00a0\u00bbES ALLIANZ||||||||\u00a0\u00bb text_text_color=\u00a0\u00bb#1A1A1A\u00a0\u00bb custom_margin=\u00a0\u00bb||11px|||\u00a0\u00bb global_colors_info=\u00a0\u00bb{}\u00a0\u00bb]Mat\u00e9riaux : MDF, peinture, mousse de polyur\u00e9thane, latex de caoutchouc, natte en fibre de verre, verre, lumi\u00e8re<br \/>\n <br \/>\nNombre d\u2019articles : 1<br \/>\n <br \/>\nDimensions : 270 x 200 x 110 cm<br \/>\n <br \/>\nNotes : Installation int\u00e9rieur autportante et lumineuse [\/et_pb_text][et_pb_blurb title=\u00a0\u00bb DEMANDER UN DEVIS\u00a0\u00bb url=\u00a0\u00bbhttps:\/\/catalogue.exmuro.com\/fr\/contact\/\u00a0\u00bb image=\u00a0\u00bbhttps:\/\/catalogue.exmuro.com\/wp-content\/uploads\/2024\/08\/ico-fleche-droite.svg\u00a0\u00bb icon_placement=\u00a0\u00bbleft\u00a0\u00bb image_icon_width=\u00a0\u00bb75%\u00a0\u00bb content_max_width_tablet=\u00a0\u00bb234px\u00a0\u00bb content_max_width_phone=\u00a0\u00bb233px\u00a0\u00bb content_max_width_last_edited=\u00a0\u00bboff|desktop\u00a0\u00bb _builder_version=\u00a0\u00bb4.27.0&Prime; _module_preset=\u00a0\u00bbdefault\u00a0\u00bb header_level=\u00a0\u00bbh6&Prime; header_font=\u00a0\u00bb|||on|||||\u00a0\u00bb header_text_color=\u00a0\u00bb#000000&Prime; header_font_size=\u00a0\u00bb12px\u00a0\u00bb background_color=\u00a0\u00bbRGBA(255,255,255,0)\u00a0\u00bb text_orientation=\u00a0\u00bbright\u00a0\u00bb width=\u00a0\u00bb184px\u00a0\u00bb width_tablet=\u00a0\u00bb184px\u00a0\u00bb width_phone=\u00a0\u00bb183px\u00a0\u00bb width_last_edited=\u00a0\u00bbon|phone\u00a0\u00bb module_alignment=\u00a0\u00bbleft\u00a0\u00bb height=\u00a0\u00bb41px\u00a0\u00bb custom_margin=\u00a0\u00bb50px||||false|false\u00a0\u00bb custom_padding=\u00a0\u00bb15px||26px||false|false\u00a0\u00bb animation=\u00a0\u00bboff\u00a0\u00bb link_option_url=\u00a0\u00bbhttps:\/\/catalogue.exmuro.com\/fr\/contact\/\u00a0\u00bb module_alignment_tablet=\u00a0\u00bbleft\u00a0\u00bb module_alignment_phone=\u00a0\u00bbleft\u00a0\u00bb module_alignment_last_edited=\u00a0\u00bbon|phone\u00a0\u00bb custom_css_blurb_image=\u00a0\u00bbmargin-left: 10px;\u00a0\u00bb custom_css_blurb_content=\u00a0\u00bbdisplay: flex;||flex-direction: row-reverse;\u00a0\u00bb border_width_all=\u00a0\u00bb2px\u00a0\u00bb border_color_all=\u00a0\u00bb#000000&Prime; global_colors_info=\u00a0\u00bb{}\u00a0\u00bb image__hover_enabled=\u00a0\u00bbon|hover\u00a0\u00bb image__hover=\u00a0\u00bbhttps:\/\/catalogue.exmuro.com\/wp-content\/uploads\/2024\/08\/ico-fleche-droite.svg\u00a0\u00bb background__hover_enabled=\u00a0\u00bbon|hover\u00a0\u00bb background_color__hover=\u00a0\u00bb#FAE806&Prime; background_enable_color__hover=\u00a0\u00bbon\u00a0\u00bb header_text_color__hover_enabled=\u00a0\u00bbon|hover\u00a0\u00bb header_text_color__hover=\u00a0\u00bb#000000&Prime; border_width_all__hover_enabled=\u00a0\u00bbon|desktop\u00a0\u00bb border_width_all__hover=\u00a0\u00bb2px\u00a0\u00bb border_color_all__hover=\u00a0\u00bb#FAE806&Prime; border_color_all__hover_enabled=\u00a0\u00bbon|hover\u00a0\u00bb][\/et_pb_blurb][\/et_pb_column][et_pb_column type=\u00a0\u00bb1_2&Prime; _builder_version=\u00a0\u00bb4.27.0&Prime; _module_preset=\u00a0\u00bbdefault\u00a0\u00bb global_colors_info=\u00a0\u00bb{}\u00a0\u00bb][et_pb_text _builder_version=\u00a0\u00bb4.27.0&Prime; _module_preset=\u00a0\u00bbdefault\u00a0\u00bb text_font=\u00a0\u00bbES ALLIANZ|||on|||||\u00a0\u00bb text_text_color=\u00a0\u00bb#1A1A1A\u00a0\u00bb text_font_size=\u00a0\u00bb16px\u00a0\u00bb custom_margin=\u00a0\u00bb||11px|||\u00a0\u00bb global_colors_info=\u00a0\u00bb{}\u00a0\u00bb]ARTISTE[\/et_pb_text][et_pb_image src=\u00a0\u00bbhttps:\/\/catalogue.exmuro.com\/wp-content\/uploads\/2026\/03\/lost-in-reflection.png\u00a0\u00bb title_text=\u00a0\u00bblost-in-reflection\u00a0\u00bb disabled_on=\u00a0\u00bboff|off|off\u00a0\u00bb _builder_version=\u00a0\u00bb4.27.5&Prime; _module_preset=\u00a0\u00bbdefault\u00a0\u00bb hover_enabled=\u00a0\u00bb0&Prime; global_colors_info=\u00a0\u00bb{}\u00a0\u00bb sticky_enabled=\u00a0\u00bb0&Prime;][\/et_pb_image][et_pb_image src=\u00a0\u00bbhttps:\/\/catalogue.exmuro.com\/wp-content\/uploads\/2026\/02\/portrait-fannie-giguere-1.png\u00a0\u00bb title_text=\u00a0\u00bbportrait-fannie-gigue\u0300re\u00a0\u00bb disabled_on=\u00a0\u00bbon|on|on\u00a0\u00bb _builder_version=\u00a0\u00bb4.27.5&Prime; _module_preset=\u00a0\u00bbdefault\u00a0\u00bb disabled=\u00a0\u00bbon\u00a0\u00bb global_colors_info=\u00a0\u00bb{}\u00a0\u00bb][\/et_pb_image][et_pb_text _builder_version=\u00a0\u00bb4.27.5&Prime; _module_preset=\u00a0\u00bbdefault\u00a0\u00bb text_font=\u00a0\u00bbES ALLIANZ|||on|||||\u00a0\u00bb text_text_color=\u00a0\u00bb#1A1A1A\u00a0\u00bb text_font_size=\u00a0\u00bb16px\u00a0\u00bb custom_margin=\u00a0\u00bb||11px|||\u00a0\u00bb global_colors_info=\u00a0\u00bb{}\u00a0\u00bb]GUILLAUME LACHAPELLE, QU\u00c9BEC [\/et_pb_text][et_pb_text _builder_version=\u00a0\u00bb4.27.5&Prime; _module_preset=\u00a0\u00bbdefault\u00a0\u00bb text_font=\u00a0\u00bbES ALLIANZ||||||||\u00a0\u00bb text_text_color=\u00a0\u00bb#1A1A1A\u00a0\u00bb custom_margin=\u00a0\u00bb||11px|||\u00a0\u00bb global_colors_info=\u00a0\u00bb{}\u00a0\u00bb]Guillaume Lachapelle a pr\u00e9sent\u00e9 des expositions individuelles au Kunstlerhaus Bethanien de Berlin, \u00e0 la galerie Edward Day de Toronto, au Mus\u00e9e d\u2019art contemporain des Laurentides de Saint-J\u00e9r\u00f4me et au centre d\u2019exposition Circa \u00e0 Montr\u00e9al.  Il a \u00e9galement particip\u00e9 \u00e0 la Biennale nationale de sculpture contemporaine de Trois-Rivi\u00e8res (2016), \u00e0 la Biennale de Venise (2015) et \u00e0 des expositions collectives au Mus\u00e9e national des beaux-arts du Qu\u00e9bec et au Mus\u00e9e des beaux-arts de Sherbrooke. Ses \u0153uvres sont inclues dans les collections du Minist\u00e8re des affaires \u00e9trang\u00e8res, de Loto-Qu\u00e9bec, de l\u2019Art public de la ville de Montr\u00e9al et de la Collection Pr\u00eat d\u2019\u0153uvres d\u2019art du Mus\u00e9e national des beaux-arts du Qu\u00e9bec. Il vit et travaille \u00e0 Montr\u00e9al et y est repr\u00e9sent\u00e9 par la galerie Art M\u00fbr.    [\/et_pb_text][\/et_pb_column][\/et_pb_row][\/et_pb_section][et_pb_section fb_built=\u00a0\u00bb1&Prime; disabled_on=\u00a0\u00bboff|off|off\u00a0\u00bb module_id=\u00a0\u00bbphotosvideos\u00a0\u00bb _builder_version=\u00a0\u00bb4.27.5&Prime; _module_preset=\u00a0\u00bbdefault\u00a0\u00bb background_color=\u00a0\u00bb#1A1A1A\u00a0\u00bb global_colors_info=\u00a0\u00bb{}\u00a0\u00bb][et_pb_row _builder_version=\u00a0\u00bb4.27.0&Prime; _module_preset=\u00a0\u00bbdefault\u00a0\u00bb global_colors_info=\u00a0\u00bb{}\u00a0\u00bb][et_pb_column type=\u00a0\u00bb4_4&Prime; _builder_version=\u00a0\u00bb4.27.0&Prime; _module_preset=\u00a0\u00bbdefault\u00a0\u00bb global_colors_info=\u00a0\u00bb{}\u00a0\u00bb][difl_justifiedgallery gallery=\u00a0\u00bb3837,3839,3841,3843,3845,3847&Prime; image_size=\u00a0\u00bboriginal\u00a0\u00bb rowheight=\u00a0\u00bb300&Prime; use_lightbox=\u00a0\u00bbon\u00a0\u00bb show_content_lg=\u00a0\u00bbon\u00a0\u00bb overlay=\u00a0\u00bbon\u00a0\u00bb overlay_primary=\u00a0\u00bbrgba(250,232,6,0.55)\u00a0\u00bb overlay_secondary=\u00a0\u00bbrgba(250,232,6,0.55)\u00a0\u00bb spinner_color=\u00a0\u00bb#FAE806&Prime; caption_tag=\u00a0\u00bbh3&Prime; more_btn_bg_bgcolor=\u00a0\u00bb#1A1A1A\u00a0\u00bb _builder_version=\u00a0\u00bb4.27.5&Prime; _module_preset=\u00a0\u00bbdefault\u00a0\u00bb caption_text_color=\u00a0\u00bb#FFFFFF\u00a0\u00bb caption_font_size=\u00a0\u00bb12px\u00a0\u00bb more_btn_font=\u00a0\u00bbES ALLIANZ|||on|||||\u00a0\u00bb more_btn_text_color=\u00a0\u00bb#FFFFFF\u00a0\u00bb border_width_all_more_btn=\u00a0\u00bb1px\u00a0\u00bb border_color_all_more_btn=\u00a0\u00bb#FFFFFF\u00a0\u00bb global_colors_info=\u00a0\u00bb{}\u00a0\u00bb][\/difl_justifiedgallery][\/et_pb_column][\/et_pb_row][\/et_pb_section][et_pb_section fb_built=\u00a0\u00bb1&Prime; disabled_on=\u00a0\u00bbon|on|on\u00a0\u00bb _builder_version=\u00a0\u00bb4.27.0&Prime; _module_preset=\u00a0\u00bbdefault\u00a0\u00bb background_image=\u00a0\u00bbhttps:\/\/catalogue.exmuro.com\/wp-content\/uploads\/2024\/08\/background-experience.svg\u00a0\u00bb background_size=\u00a0\u00bbcustom\u00a0\u00bb background_image_width=\u00a0\u00bb95%\u00a0\u00bb background_image_height=\u00a0\u00bb0%\u00a0\u00bb custom_padding=\u00a0\u00bb80px||80px||true|false\u00a0\u00bb disabled=\u00a0\u00bbon\u00a0\u00bb global_colors_info=\u00a0\u00bb{}\u00a0\u00bb][et_pb_row _builder_version=\u00a0\u00bb4.27.0&Prime; _module_preset=\u00a0\u00bbdefault\u00a0\u00bb global_colors_info=\u00a0\u00bb{}\u00a0\u00bb][et_pb_column type=\u00a0\u00bb4_4&Prime; _builder_version=\u00a0\u00bb4.27.0&Prime; _module_preset=\u00a0\u00bbdefault\u00a0\u00bb global_colors_info=\u00a0\u00bb{}\u00a0\u00bb][et_pb_text _builder_version=\u00a0\u00bb4.27.0&Prime; _module_preset=\u00a0\u00bbdefault\u00a0\u00bb text_font=\u00a0\u00bbES ALLIANZ|||on|||||\u00a0\u00bb text_text_color=\u00a0\u00bb#1A1A1A\u00a0\u00bb text_font_size=\u00a0\u00bb20px\u00a0\u00bb text_orientation=\u00a0\u00bbcenter\u00a0\u00bb global_colors_info=\u00a0\u00bb{}\u00a0\u00bb]Partage d&rsquo;exp\u00e9rience[\/et_pb_text][et_pb_text _builder_version=\u00a0\u00bb4.27.0&Prime; _module_preset=\u00a0\u00bbdefault\u00a0\u00bb text_font=\u00a0\u00bbES ALLIANZ||||||||\u00a0\u00bb text_text_color=\u00a0\u00bb#1A1A1A\u00a0\u00bb custom_margin=\u00a0\u00bb||11px|||\u00a0\u00bb global_colors_info=\u00a0\u00bb{}\u00a0\u00bb]<\/p>\n<p style=\"text-align: center;\">\u00a0\u00bb Nous avons eu la chance d&rsquo;accueillir cette \u0153uvre impressionnante de Nicole Banowetz \u00e0 Longueuil. Les citadin-e-s ont \u00e9t\u00e9 \u00e9merveill\u00e9-e-s et nous avons re\u00e7u plein de beaux commentaires. On tient \u00e0 souligner le professionnalisme de l&rsquo;\u00e9quipe d&rsquo;EXMURO qui nous ont accompagn\u00e9 dans cette aventure. \u00ab\u00a0<\/p>\n<p style=\"text-align: center;\">Pascale Beaudet &#8211; Longueuil est culture<\/p>\n<p>[\/et_pb_text][\/et_pb_column][\/et_pb_row][\/et_pb_section][et_pb_section fb_built=\u00a0\u00bb1&Prime; disabled_on=\u00a0\u00bbon|on|on\u00a0\u00bb _builder_version=\u00a0\u00bb4.27.0&Prime; _module_preset=\u00a0\u00bbdefault\u00a0\u00bb background_color=\u00a0\u00bb#F4F4F4&Prime; custom_padding=\u00a0\u00bb15px||15px||true|false\u00a0\u00bb disabled=\u00a0\u00bbon\u00a0\u00bb global_colors_info=\u00a0\u00bb{}\u00a0\u00bb][et_pb_row _builder_version=\u00a0\u00bb4.27.0&Prime; _module_preset=\u00a0\u00bbdefault\u00a0\u00bb global_colors_info=\u00a0\u00bb{}\u00a0\u00bb][et_pb_column type=\u00a0\u00bb4_4&Prime; _builder_version=\u00a0\u00bb4.27.0&Prime; _module_preset=\u00a0\u00bbdefault\u00a0\u00bb global_colors_info=\u00a0\u00bb{}\u00a0\u00bb][et_pb_text _builder_version=\u00a0\u00bb4.27.0&Prime; _module_preset=\u00a0\u00bbdefault\u00a0\u00bb text_font=\u00a0\u00bbES ALLIANZ|||on|||||\u00a0\u00bb text_text_color=\u00a0\u00bb#1A1A1A\u00a0\u00bb text_font_size=\u00a0\u00bb20px\u00a0\u00bb text_orientation=\u00a0\u00bbcenter\u00a0\u00bb global_colors_info=\u00a0\u00bb{}\u00a0\u00bb]\u0153uvres de cette artiste[\/et_pb_text][\/et_pb_column][\/et_pb_row][et_pb_row column_structure=\u00a0\u00bb1_3,1_3,1_3&Prime; module_class=\u00a0\u00bbtablet-three-cols\u00a0\u00bb _builder_version=\u00a0\u00bb4.27.0&Prime; _module_preset=\u00a0\u00bbdefault\u00a0\u00bb global_colors_info=\u00a0\u00bb{}\u00a0\u00bb][et_pb_column type=\u00a0\u00bb1_3&Prime; _builder_version=\u00a0\u00bb4.27.0&Prime; _module_preset=\u00a0\u00bbdefault\u00a0\u00bb global_colors_info=\u00a0\u00bb{}\u00a0\u00bb][et_pb_image src=\u00a0\u00bbhttps:\/\/catalogue.exmuro.com\/wp-content\/uploads\/2024\/08\/photo-fiche-oeuvre-description-moment-adaptation.webp\u00a0\u00bb title_text=\u00a0\u00bbphoto-fiche-oeuvre-description-moment-adaptation\u00a0\u00bb _builder_version=\u00a0\u00bb4.27.0&Prime; _module_preset=\u00a0\u00bbdefault\u00a0\u00bb global_colors_info=\u00a0\u00bb{}\u00a0\u00bb][\/et_pb_image][et_pb_text _builder_version=\u00a0\u00bb4.27.0&Prime; _module_preset=\u00a0\u00bbdefault\u00a0\u00bb text_font=\u00a0\u00bbES ALLIANZ||||||||\u00a0\u00bb text_text_color=\u00a0\u00bb#1A1A1A\u00a0\u00bb link_font=\u00a0\u00bb||||on|||#191919|\u00a0\u00bb link_text_color=\u00a0\u00bb#191919&Prime; custom_margin=\u00a0\u00bb||11px|||\u00a0\u00bb global_colors_info=\u00a0\u00bb{}\u00a0\u00bb]LOREM IPSUM DOLOR SIT AMET &#8211; Consectetuer Adipiscing[\/et_pb_text][\/et_pb_column][et_pb_column type=\u00a0\u00bb1_3&Prime; _builder_version=\u00a0\u00bb4.27.0&Prime; _module_preset=\u00a0\u00bbdefault\u00a0\u00bb global_colors_info=\u00a0\u00bb{}\u00a0\u00bb][\/et_pb_column][et_pb_column type=\u00a0\u00bb1_3&Prime; _builder_version=\u00a0\u00bb4.27.0&Prime; _module_preset=\u00a0\u00bbdefault\u00a0\u00bb global_colors_info=\u00a0\u00bb{}\u00a0\u00bb][\/et_pb_column][\/et_pb_row][\/et_pb_section]<\/p>\n","protected":false},"excerpt":{"rendered":"<p>LOST IN REFLECTION GUILLAUME LACHAPELLEDESCRIPTION DE L&rsquo;\u0152UVRE D&rsquo;ARTLOST IN REFLFECTIONPlongeant le spectateur dans un espace infini qui se fond dans un sombre n\u00e9ant, Lost in Reflection est une \u0153uvre vertigineuse qui bouleverse nos rep\u00e8res visuels. Une biblioth\u00e8que \u00e9nigmatique s\u2019ouvre sur un corridor sans fin gr\u00e2ce \u00e0 un subtil jeu de miroirs et de lumi\u00e8re. La [&hellip;]<\/p>\n","protected":false},"author":2,"featured_media":3784,"comment_status":"open","ping_status":"closed","template":"","meta":{"_et_pb_use_builder":"on","_et_pb_old_content":"","_et_gb_content_width":"","footnotes":""},"project_category":[28,35,31],"project_tag":[],"class_list":["post-3832","project","type-project","status-publish","has-post-thumbnail","hentry","project_category-autoportante","project_category-interieure","project_category-lumineuse"],"yoast_head":"<!-- This site is optimized with the Yoast SEO plugin v27.2 - https:\/\/yoast.com\/product\/yoast-seo-wordpress\/ -->\n<title>LOST IN REFLECTION - Guillaume Lachapelle - EXMURO -<\/title>\n<meta name=\"description\" content=\"Plongeant le spectateur dans un espace infini, Lost in Reflection est une \u0153uvre vertigineuse qui bouleverse nos rep\u00e8res visuels.\" \/>\n<meta name=\"robots\" content=\"index, follow, max-snippet:-1, max-image-preview:large, max-video-preview:-1\" \/>\n<link rel=\"canonical\" href=\"https:\/\/catalogue.exmuro.com\/fr\/artwork\/lost-in-reflection-guillaume-lachapelle\/\" \/>\n<meta property=\"og:locale\" content=\"fr_FR\" \/>\n<meta property=\"og:type\" content=\"article\" \/>\n<meta property=\"og:title\" content=\"LOST IN REFLECTION - Guillaume Lachapelle - EXMURO -\" \/>\n<meta property=\"og:description\" content=\"Plongeant le spectateur dans un espace infini, Lost in Reflection est une \u0153uvre vertigineuse qui bouleverse nos rep\u00e8res visuels.\" \/>\n<meta property=\"og:url\" content=\"https:\/\/catalogue.exmuro.com\/fr\/artwork\/lost-in-reflection-guillaume-lachapelle\/\" \/>\n<meta property=\"og:site_name\" content=\"EXMURO -\" \/>\n<meta property=\"article:modified_time\" content=\"2026-03-17T13:26:05+00:00\" \/>\n<meta property=\"og:image\" content=\"https:\/\/catalogue.exmuro.com\/wp-content\/uploads\/2026\/02\/lost-in-reflection.png\" \/>\n\t<meta property=\"og:image:width\" content=\"800\" \/>\n\t<meta property=\"og:image:height\" content=\"600\" \/>\n\t<meta property=\"og:image:type\" content=\"image\/png\" \/>\n<meta name=\"twitter:card\" content=\"summary_large_image\" \/>\n<meta name=\"twitter:label1\" content=\"Dur\u00e9e de lecture estim\u00e9e\" \/>\n\t<meta name=\"twitter:data1\" content=\"4 minutes\" \/>\n<script type=\"application\/ld+json\" class=\"yoast-schema-graph\">{\"@context\":\"https:\/\/schema.org\",\"@graph\":[{\"@type\":\"WebPage\",\"@id\":\"https:\/\/catalogue.exmuro.com\/fr\/artwork\/lost-in-reflection-guillaume-lachapelle\/\",\"url\":\"https:\/\/catalogue.exmuro.com\/fr\/artwork\/lost-in-reflection-guillaume-lachapelle\/\",\"name\":\"LOST IN REFLECTION - Guillaume Lachapelle - EXMURO -\",\"isPartOf\":{\"@id\":\"https:\/\/catalogue.exmuro.com\/fr\/#website\"},\"primaryImageOfPage\":{\"@id\":\"https:\/\/catalogue.exmuro.com\/fr\/artwork\/lost-in-reflection-guillaume-lachapelle\/#primaryimage\"},\"image\":{\"@id\":\"https:\/\/catalogue.exmuro.com\/fr\/artwork\/lost-in-reflection-guillaume-lachapelle\/#primaryimage\"},\"thumbnailUrl\":\"https:\/\/catalogue.exmuro.com\/wp-content\/uploads\/2026\/02\/lost-in-reflection.png\",\"datePublished\":\"2026-02-23T18:05:45+00:00\",\"dateModified\":\"2026-03-17T13:26:05+00:00\",\"description\":\"Plongeant le spectateur dans un espace infini, Lost in Reflection est une \u0153uvre vertigineuse qui bouleverse nos rep\u00e8res visuels.\",\"breadcrumb\":{\"@id\":\"https:\/\/catalogue.exmuro.com\/fr\/artwork\/lost-in-reflection-guillaume-lachapelle\/#breadcrumb\"},\"inLanguage\":\"fr-FR\",\"potentialAction\":[{\"@type\":\"ReadAction\",\"target\":[\"https:\/\/catalogue.exmuro.com\/fr\/artwork\/lost-in-reflection-guillaume-lachapelle\/\"]}]},{\"@type\":\"ImageObject\",\"inLanguage\":\"fr-FR\",\"@id\":\"https:\/\/catalogue.exmuro.com\/fr\/artwork\/lost-in-reflection-guillaume-lachapelle\/#primaryimage\",\"url\":\"https:\/\/catalogue.exmuro.com\/wp-content\/uploads\/2026\/02\/lost-in-reflection.png\",\"contentUrl\":\"https:\/\/catalogue.exmuro.com\/wp-content\/uploads\/2026\/02\/lost-in-reflection.png\",\"width\":800,\"height\":600},{\"@type\":\"BreadcrumbList\",\"@id\":\"https:\/\/catalogue.exmuro.com\/fr\/artwork\/lost-in-reflection-guillaume-lachapelle\/#breadcrumb\",\"itemListElement\":[{\"@type\":\"ListItem\",\"position\":1,\"name\":\"Home\",\"item\":\"https:\/\/catalogue.exmuro.com\/fr\/\"},{\"@type\":\"ListItem\",\"position\":2,\"name\":\"artworks\",\"item\":\"https:\/\/catalogue.exmuro.com\/fr\/artwork\/\"},{\"@type\":\"ListItem\",\"position\":3,\"name\":\"LOST IN REFLECTION &#8211; Guillaume Lachapelle\"}]},{\"@type\":\"WebSite\",\"@id\":\"https:\/\/catalogue.exmuro.com\/fr\/#website\",\"url\":\"https:\/\/catalogue.exmuro.com\/fr\/\",\"name\":\"EXMURO - Catalog\",\"description\":\"Catalog of artworks\",\"publisher\":{\"@id\":\"https:\/\/catalogue.exmuro.com\/fr\/#organization\"},\"potentialAction\":[{\"@type\":\"SearchAction\",\"target\":{\"@type\":\"EntryPoint\",\"urlTemplate\":\"https:\/\/catalogue.exmuro.com\/fr\/?s={search_term_string}\"},\"query-input\":{\"@type\":\"PropertyValueSpecification\",\"valueRequired\":true,\"valueName\":\"search_term_string\"}}],\"inLanguage\":\"fr-FR\"},{\"@type\":\"Organization\",\"@id\":\"https:\/\/catalogue.exmuro.com\/fr\/#organization\",\"name\":\"EXMURO - Catalog\",\"url\":\"https:\/\/catalogue.exmuro.com\/fr\/\",\"logo\":{\"@type\":\"ImageObject\",\"inLanguage\":\"fr-FR\",\"@id\":\"https:\/\/catalogue.exmuro.com\/fr\/#\/schema\/logo\/image\/\",\"url\":\"https:\/\/catalogue.exmuro.com\/wp-content\/uploads\/2024\/09\/logo-exmuro-catalog-english-black.svg\",\"contentUrl\":\"https:\/\/catalogue.exmuro.com\/wp-content\/uploads\/2024\/09\/logo-exmuro-catalog-english-black.svg\",\"width\":1,\"height\":1,\"caption\":\"EXMURO - Catalog\"},\"image\":{\"@id\":\"https:\/\/catalogue.exmuro.com\/fr\/#\/schema\/logo\/image\/\"}}]}<\/script>\n<!-- \/ Yoast SEO plugin. -->","yoast_head_json":{"title":"LOST IN REFLECTION - Guillaume Lachapelle - EXMURO -","description":"Plongeant le spectateur dans un espace infini, Lost in Reflection est une \u0153uvre vertigineuse qui bouleverse nos rep\u00e8res visuels.","robots":{"index":"index","follow":"follow","max-snippet":"max-snippet:-1","max-image-preview":"max-image-preview:large","max-video-preview":"max-video-preview:-1"},"canonical":"https:\/\/catalogue.exmuro.com\/fr\/artwork\/lost-in-reflection-guillaume-lachapelle\/","og_locale":"fr_FR","og_type":"article","og_title":"LOST IN REFLECTION - Guillaume Lachapelle - EXMURO -","og_description":"Plongeant le spectateur dans un espace infini, Lost in Reflection est une \u0153uvre vertigineuse qui bouleverse nos rep\u00e8res visuels.","og_url":"https:\/\/catalogue.exmuro.com\/fr\/artwork\/lost-in-reflection-guillaume-lachapelle\/","og_site_name":"EXMURO -","article_modified_time":"2026-03-17T13:26:05+00:00","og_image":[{"width":800,"height":600,"url":"https:\/\/catalogue.exmuro.com\/wp-content\/uploads\/2026\/02\/lost-in-reflection.png","type":"image\/png"}],"twitter_card":"summary_large_image","twitter_misc":{"Dur\u00e9e de lecture estim\u00e9e":"4 minutes"},"schema":{"@context":"https:\/\/schema.org","@graph":[{"@type":"WebPage","@id":"https:\/\/catalogue.exmuro.com\/fr\/artwork\/lost-in-reflection-guillaume-lachapelle\/","url":"https:\/\/catalogue.exmuro.com\/fr\/artwork\/lost-in-reflection-guillaume-lachapelle\/","name":"LOST IN REFLECTION - Guillaume Lachapelle - EXMURO -","isPartOf":{"@id":"https:\/\/catalogue.exmuro.com\/fr\/#website"},"primaryImageOfPage":{"@id":"https:\/\/catalogue.exmuro.com\/fr\/artwork\/lost-in-reflection-guillaume-lachapelle\/#primaryimage"},"image":{"@id":"https:\/\/catalogue.exmuro.com\/fr\/artwork\/lost-in-reflection-guillaume-lachapelle\/#primaryimage"},"thumbnailUrl":"https:\/\/catalogue.exmuro.com\/wp-content\/uploads\/2026\/02\/lost-in-reflection.png","datePublished":"2026-02-23T18:05:45+00:00","dateModified":"2026-03-17T13:26:05+00:00","description":"Plongeant le spectateur dans un espace infini, Lost in Reflection est une \u0153uvre vertigineuse qui bouleverse nos rep\u00e8res visuels.","breadcrumb":{"@id":"https:\/\/catalogue.exmuro.com\/fr\/artwork\/lost-in-reflection-guillaume-lachapelle\/#breadcrumb"},"inLanguage":"fr-FR","potentialAction":[{"@type":"ReadAction","target":["https:\/\/catalogue.exmuro.com\/fr\/artwork\/lost-in-reflection-guillaume-lachapelle\/"]}]},{"@type":"ImageObject","inLanguage":"fr-FR","@id":"https:\/\/catalogue.exmuro.com\/fr\/artwork\/lost-in-reflection-guillaume-lachapelle\/#primaryimage","url":"https:\/\/catalogue.exmuro.com\/wp-content\/uploads\/2026\/02\/lost-in-reflection.png","contentUrl":"https:\/\/catalogue.exmuro.com\/wp-content\/uploads\/2026\/02\/lost-in-reflection.png","width":800,"height":600},{"@type":"BreadcrumbList","@id":"https:\/\/catalogue.exmuro.com\/fr\/artwork\/lost-in-reflection-guillaume-lachapelle\/#breadcrumb","itemListElement":[{"@type":"ListItem","position":1,"name":"Home","item":"https:\/\/catalogue.exmuro.com\/fr\/"},{"@type":"ListItem","position":2,"name":"artworks","item":"https:\/\/catalogue.exmuro.com\/fr\/artwork\/"},{"@type":"ListItem","position":3,"name":"LOST IN REFLECTION &#8211; Guillaume Lachapelle"}]},{"@type":"WebSite","@id":"https:\/\/catalogue.exmuro.com\/fr\/#website","url":"https:\/\/catalogue.exmuro.com\/fr\/","name":"EXMURO - Catalog","description":"Catalog of artworks","publisher":{"@id":"https:\/\/catalogue.exmuro.com\/fr\/#organization"},"potentialAction":[{"@type":"SearchAction","target":{"@type":"EntryPoint","urlTemplate":"https:\/\/catalogue.exmuro.com\/fr\/?s={search_term_string}"},"query-input":{"@type":"PropertyValueSpecification","valueRequired":true,"valueName":"search_term_string"}}],"inLanguage":"fr-FR"},{"@type":"Organization","@id":"https:\/\/catalogue.exmuro.com\/fr\/#organization","name":"EXMURO - Catalog","url":"https:\/\/catalogue.exmuro.com\/fr\/","logo":{"@type":"ImageObject","inLanguage":"fr-FR","@id":"https:\/\/catalogue.exmuro.com\/fr\/#\/schema\/logo\/image\/","url":"https:\/\/catalogue.exmuro.com\/wp-content\/uploads\/2024\/09\/logo-exmuro-catalog-english-black.svg","contentUrl":"https:\/\/catalogue.exmuro.com\/wp-content\/uploads\/2024\/09\/logo-exmuro-catalog-english-black.svg","width":1,"height":1,"caption":"EXMURO - Catalog"},"image":{"@id":"https:\/\/catalogue.exmuro.com\/fr\/#\/schema\/logo\/image\/"}}]}},"_links":{"self":[{"href":"https:\/\/catalogue.exmuro.com\/fr\/wp-json\/wp\/v2\/project\/3832","targetHints":{"allow":["GET"]}}],"collection":[{"href":"https:\/\/catalogue.exmuro.com\/fr\/wp-json\/wp\/v2\/project"}],"about":[{"href":"https:\/\/catalogue.exmuro.com\/fr\/wp-json\/wp\/v2\/types\/project"}],"author":[{"embeddable":true,"href":"https:\/\/catalogue.exmuro.com\/fr\/wp-json\/wp\/v2\/users\/2"}],"replies":[{"embeddable":true,"href":"https:\/\/catalogue.exmuro.com\/fr\/wp-json\/wp\/v2\/comments?post=3832"}],"version-history":[{"count":10,"href":"https:\/\/catalogue.exmuro.com\/fr\/wp-json\/wp\/v2\/project\/3832\/revisions"}],"predecessor-version":[{"id":4290,"href":"https:\/\/catalogue.exmuro.com\/fr\/wp-json\/wp\/v2\/project\/3832\/revisions\/4290"}],"wp:featuredmedia":[{"embeddable":true,"href":"https:\/\/catalogue.exmuro.com\/fr\/wp-json\/wp\/v2\/media\/3784"}],"wp:attachment":[{"href":"https:\/\/catalogue.exmuro.com\/fr\/wp-json\/wp\/v2\/media?parent=3832"}],"wp:term":[{"taxonomy":"project_category","embeddable":true,"href":"https:\/\/catalogue.exmuro.com\/fr\/wp-json\/wp\/v2\/project_category?post=3832"},{"taxonomy":"project_tag","embeddable":true,"href":"https:\/\/catalogue.exmuro.com\/fr\/wp-json\/wp\/v2\/project_tag?post=3832"}],"curies":[{"name":"wp","href":"https:\/\/api.w.org\/{rel}","templated":true}]}}